{"id":372,"date":"2024-03-06T18:46:50","date_gmt":"2024-03-06T18:46:50","guid":{"rendered":"https:\/\/dressz.hu\/?page_id=372"},"modified":"2024-04-18T17:07:49","modified_gmt":"2024-04-18T17:07:49","slug":"ferentzi-sandor","status":"publish","type":"page","link":"https:\/\/dressz.hu\/index.php\/ferentzi-sandor\/","title":{"rendered":"Ferentzi S\u00e1ndor bemutatkoz\u00e1sa"},"content":{"rendered":"\n<div class=\"wp-block-media-text has-media-on-the-right is-stacked-on-mobile\" style=\"grid-template-columns:auto 24%\"><div class=\"wp-block-media-text__content\">\n<h1 class=\"wp-block-heading\">Ferentzi S\u00e1ndor<\/h1>\n\n\n\n<h4 class=\"wp-block-heading\">Ment\u00e1lhigi\u00e9n\u00e9s szakember, reform\u00e1tus lelkip\u00e1sztor<\/h4>\n\n\n\n<p><\/p>\n\n\n\n<p><\/p>\n\n\n\n<p><\/p>\n\n\n\n<p><\/p>\n\n\n\n<p><\/p>\n<\/div><figure class=\"wp-block-media-text__media\"><img loading=\"lazy\" decoding=\"async\" width=\"569\" height=\"1024\" src=\"https:\/\/dressz.hu\/wp-content\/uploads\/2024\/03\/Etiopos-ingben-569x1024.jpg\" alt=\"\" class=\"wp-image-379 size-full\" srcset=\"https:\/\/dressz.hu\/wp-content\/uploads\/2024\/03\/Etiopos-ingben-569x1024.jpg 569w, https:\/\/dressz.hu\/wp-content\/uploads\/2024\/03\/Etiopos-ingben-167x300.jpg 167w, https:\/\/dressz.hu\/wp-content\/uploads\/2024\/03\/Etiopos-ingben-768x1383.jpg 768w, https:\/\/dressz.hu\/wp-content\/uploads\/2024\/03\/Etiopos-ingben-853x1536.jpg 853w, https:\/\/dressz.hu\/wp-content\/uploads\/2024\/03\/Etiopos-ingben-1137x2048.jpg 1137w, https:\/\/dressz.hu\/wp-content\/uploads\/2024\/03\/Etiopos-ingben-33x60.jpg 33w, https:\/\/dressz.hu\/wp-content\/uploads\/2024\/03\/Etiopos-ingben-scaled.jpg 1422w\" sizes=\"auto, (max-width: 569px) 100vw, 569px\" \/><\/figure><\/div>\n\n\n\n<p>A Testnevell\u00e9si&nbsp;Egyetemen Mentalhigi\u00e9n\u00e9s&nbsp;diplom\u00e1t szereztem 1995-ben. 2021-ben pedig&nbsp; szuperevizi\u00f3b\u00f3l&nbsp;kaptam diplom\u00e1t a K\u00e1roly G\u00e1sp\u00e1r Reform\u00e1tus&nbsp; Egyetemen. V\u00e1llalok lelkigondoz\u00f3i besz\u00e9lget\u00e9st \u00e9s egy\u00e9ni&nbsp;szupervizi\u00f3t, ill. koll\u00e9g\u00e1val&nbsp;csoportot<\/p>\n\n\n\n<p>El\u00e9rhet\u0151s\u00e9g: <a href=\"mailto:ferentzisen@gmail.com\">ferentzisen@gmail.com<\/a><\/p>\n","protected":false},"excerpt":{"rendered":"<p>Ferentzi S\u00e1ndor Ment\u00e1lhigi\u00e9n\u00e9s szakember, reform\u00e1tus lelkip\u00e1sztor A Testnevell\u00e9si&nbsp;Egyetemen Mentalhigi\u00e9n\u00e9s&nbsp;diplom\u00e1t szereztem 1995-ben. 2021-ben pedig&nbsp; szuperevizi\u00f3b\u00f3l&nbsp;kaptam diplom\u00e1t a K\u00e1roly G\u00e1sp\u00e1r Reform\u00e1tus&nbsp; Egyetemen. V\u00e1llalok lelkigondoz\u00f3i besz\u00e9lget\u00e9st \u00e9s egy\u00e9ni&nbsp;szupervizi\u00f3t, ill. koll\u00e9g\u00e1val&nbsp;csoportot El\u00e9rhet\u0151s\u00e9g: ferentzisen@gmail.com<\/p>\n","protected":false},"author":1,"featured_media":0,"parent":0,"menu_order":0,"comment_status":"closed","ping_status":"closed","template":"","meta":{"footnotes":""},"class_list":["post-372","page","type-page","status-publish","hentry"],"_links":{"self":[{"href":"https:\/\/dressz.hu\/index.php\/wp-json\/wp\/v2\/pages\/372","targetHints":{"allow":["GET"]}}],"collection":[{"href":"https:\/\/dressz.hu\/index.php\/wp-json\/wp\/v2\/pages"}],"about":[{"href":"https:\/\/dressz.hu\/index.php\/wp-json\/wp\/v2\/types\/page"}],"author":[{"embeddable":true,"href":"https:\/\/dressz.hu\/index.php\/wp-json\/wp\/v2\/users\/1"}],"replies":[{"embeddable":true,"href":"https:\/\/dressz.hu\/index.php\/wp-json\/wp\/v2\/comments?post=372"}],"version-history":[{"count":8,"href":"https:\/\/dressz.hu\/index.php\/wp-json\/wp\/v2\/pages\/372\/revisions"}],"predecessor-version":[{"id":452,"href":"https:\/\/dressz.hu\/index.php\/wp-json\/wp\/v2\/pages\/372\/revisions\/452"}],"wp:attachment":[{"href":"https:\/\/dressz.hu\/index.php\/wp-json\/wp\/v2\/media?parent=372"}],"curies":[{"name":"wp","href":"https:\/\/api.w.org\/{rel}","templated":true}]}}