{"id":201,"date":"2023-04-07T19:14:06","date_gmt":"2023-04-07T19:14:06","guid":{"rendered":"https:\/\/dressz.hu\/?page_id=201"},"modified":"2025-03-26T18:14:51","modified_gmt":"2025-03-26T18:14:51","slug":"lelkigondozoink-2","status":"publish","type":"page","link":"https:\/\/dressz.hu\/index.php\/lelkigondozoink-2\/","title":{"rendered":"Lelkigondoz\u00f3ink"},"content":{"rendered":"\n<p class=\"has-text-align-center\">A nevekre kattintva megtekintheti lelkigondoz\u00f3ink bemutatkoz\u00e1s\u00e1t:<\/p>\n\n\n\n<p class=\"has-text-align-center\"><a href=\"https:\/\/dressz.hu\/index.php\/fazekas-krisztian-arpad-bemutatkozasa\/\"><strong>Fazekas Kriszti\u00e1n \u00c1rp\u00e1d bemutatkoz\u00e1sa<\/strong><\/a><\/p>\n\n\n\n<p class=\"has-text-align-center\"><a href=\"https:\/\/dressz.hu\/index.php\/ferentzi-sandor\/\"><strong>Ferentzi S\u00e1ndor bemutatkoz\u00e1sa<\/strong><\/a><\/p>\n\n\n\n<p class=\"has-text-align-center\"><a href=\"https:\/\/dressz.hu\/index.php\/imre-istvan-zoltan-bemutatkozasa\/\" data-type=\"page\" data-id=\"475\"><strong>Imre Istv\u00e1n Zolt\u00e1n bemutatkoz\u00e1sa<\/strong><\/a><\/p>\n\n\n\n<p class=\"has-text-align-center\"><a href=\"https:\/\/dressz.hu\/index.php\/kantorne-polus-ibolya-bemutatkozasa\/\"><strong>K\u00e1ntorn\u00e9 P\u00f3lus Ibolya bemutatkoz\u00e1sa<\/strong><\/a><\/p>\n\n\n\n<p class=\"has-text-align-center\"><a href=\"https:\/\/dressz.hu\/index.php\/nemeth-peter-bemutatkozasa\/\"><strong>N\u00e9meth P\u00e9ter bemutatkoz\u00e1sa<\/strong><\/a><\/p>\n\n\n\n<p class=\"has-text-align-center\"><a href=\"https:\/\/dressz.hu\/index.php\/ujvari-sandor-csaba\/\"><strong>Ujv\u00e1ri S\u00e1ndor Csaba bemutatkoz\u00e1sa<\/strong><\/a><\/p>\n\n\n\n<p class=\"has-text-align-center\"><a href=\"https:\/\/dressz.hu\/index.php\/szakacs-gergely-bemutatkozasa\/\"><strong>Szak\u00e1cs Gergely bemutatkoz\u00e1sa<\/strong><\/a><\/p>\n\n\n\n<p class=\"has-text-align-center\"><a href=\"https:\/\/dressz.hu\/index.php\/szepne-czippan-noemi-bemutatkozasa\/\"><strong>Sz\u00e9pn\u00e9 Czipp\u00e1n No\u00e9mi bemutatkoz\u00e1sa<\/strong><\/a><\/p>\n\n\n\n<p class=\"has-text-align-center\"><a href=\"https:\/\/dressz.hu\/index.php\/zavodi-zsuzsanna-bemutatkozasa\/\"><strong>Z\u00e1vodi Zsuzsanna bemutatkoz\u00e1sa<\/strong><\/a><\/p>\n","protected":false},"excerpt":{"rendered":"<p>A nevekre kattintva megtekintheti lelkigondoz\u00f3ink bemutatkoz\u00e1s\u00e1t: Fazekas Kriszti\u00e1n \u00c1rp\u00e1d bemutatkoz\u00e1sa Ferentzi S\u00e1ndor bemutatkoz\u00e1sa Imre Istv\u00e1n Zolt\u00e1n bemutatkoz\u00e1sa K\u00e1ntorn\u00e9 P\u00f3lus Ibolya bemutatkoz\u00e1sa N\u00e9meth P\u00e9ter bemutatkoz\u00e1sa Ujv\u00e1ri S\u00e1ndor Csaba bemutatkoz\u00e1sa Szak\u00e1cs Gergely bemutatkoz\u00e1sa Sz\u00e9pn\u00e9 Czipp\u00e1n No\u00e9mi bemutatkoz\u00e1sa Z\u00e1vodi Zsuzsanna bemutatkoz\u00e1sa<\/p>\n","protected":false},"author":1,"featured_media":0,"parent":0,"menu_order":0,"comment_status":"closed","ping_status":"closed","template":"","meta":{"footnotes":""},"class_list":["post-201","page","type-page","status-publish","hentry"],"_links":{"self":[{"href":"https:\/\/dressz.hu\/index.php\/wp-json\/wp\/v2\/pages\/201","targetHints":{"allow":["GET"]}}],"collection":[{"href":"https:\/\/dressz.hu\/index.php\/wp-json\/wp\/v2\/pages"}],"about":[{"href":"https:\/\/dressz.hu\/index.php\/wp-json\/wp\/v2\/types\/page"}],"author":[{"embeddable":true,"href":"https:\/\/dressz.hu\/index.php\/wp-json\/wp\/v2\/users\/1"}],"replies":[{"embeddable":true,"href":"https:\/\/dressz.hu\/index.php\/wp-json\/wp\/v2\/comments?post=201"}],"version-history":[{"count":9,"href":"https:\/\/dressz.hu\/index.php\/wp-json\/wp\/v2\/pages\/201\/revisions"}],"predecessor-version":[{"id":486,"href":"https:\/\/dressz.hu\/index.php\/wp-json\/wp\/v2\/pages\/201\/revisions\/486"}],"wp:attachment":[{"href":"https:\/\/dressz.hu\/index.php\/wp-json\/wp\/v2\/media?parent=201"}],"curies":[{"name":"wp","href":"https:\/\/api.w.org\/{rel}","templated":true}]}}