{"id":176,"date":"2023-04-07T17:53:08","date_gmt":"2023-04-07T17:53:08","guid":{"rendered":"https:\/\/dressz.hu\/?page_id=176"},"modified":"2024-04-08T16:23:46","modified_gmt":"2024-04-08T16:23:46","slug":"kik-fordulhatnak-hozzank","status":"publish","type":"page","link":"https:\/\/dressz.hu\/index.php\/kik-fordulhatnak-hozzank\/","title":{"rendered":"Kik fordulhatnak hozz\u00e1nk?"},"content":{"rendered":"\n<p>Szeretettel v\u00e1rjuk a Dun\u00e1nt\u00fali Reform\u00e1tus Egyh\u00e1zker\u00fclet ter\u00fclet\u00e9n \u00e9l\u0151k k\u00f6z\u00fcl azokat, akik \u00e9let\u00fck egy pontj\u00e1n \u00fagy \u00e9rzik, kev\u00e9s a bar\u00e1ti t\u00e1mogat\u00e1s, az eddig megszokott, j\u00f3l bev\u00e1lt megold\u00e1sm\u00f3djuk \u00e9lethelyzet\u00fck meg\u00e9rt\u00e9s\u00e9ben, megold\u00e1s\u00e1ban. Akiknek sz\u00fcks\u00e9g\u00fck van arra, hogy mell\u00e9j\u00fck \u00e1lljon valaki, aki igyekszik meg\u00e9rteni \u0151ket, nem \u00edt\u00e9lkezik felett\u00fck, hanem elfogadja \u00e9rz\u00e9seiket, gondolataikat, meg\u00e9l\u00e9seiket, s seg\u00edt megtal\u00e1lni a saj\u00e1t \u00fatjukat, ami a megold\u00e1s fel\u00e9 visz. R\u00e1tal\u00e1lni a saj\u00e1t er\u0151forr\u00e1sokra \u00e9s seg\u00e9lyforr\u00e1sokra. Sz\u00fcks\u00e9g\u00fck van arra, hogy valaki egy\u00fctt s\u00edrjon, egy\u00fctt \u00f6r\u00fclj\u00f6n vel\u00fck. B\u00e1tors\u00e1g kell ahhoz, hogy a benn\u00fcnk l\u00e9v\u0151 gondolatokat megosszuk egym\u00e1ssal. Ezt csak akkor tudjuk megtenni, ha biztosak vagyunk abban, hogy a szakember, aki vel\u00fcnk szemben \u00fcl, megtartja titkainkat, elfogad \u00e9s t\u00e1mogat benn\u00fcnket. A DRESSZ munkat\u00e1rsai erre k\u00f6telezik el magukat. Fontos meg\u00e9ln\u00fcnk, nem vagyunk egyed\u00fcl, van ember\u00fcnk, aki emp\u00e1ti\u00e1val fordul fel\u00e9nk, aki teljes nyitotts\u00e1ggal meghallgat, s tov\u00e1bbvezet az elakad\u00e1son.<\/p>\n\n\n\n<p>Szolg\u00e1latunkat a Dun\u00e1nt\u00fali Reform\u00e1tus Egyh\u00e1zker\u00fclet tartja fenn. A hozz\u00e1nk fordul\u00f3k sz\u00e1m\u00e1ra ingyenes a lelkigondoz\u00f3i seg\u00edts\u00e9gny\u00fajt\u00e1s.<\/p>\n","protected":false},"excerpt":{"rendered":"<p>Szeretettel v\u00e1rjuk a Dun\u00e1nt\u00fali Reform\u00e1tus Egyh\u00e1zker\u00fclet ter\u00fclet\u00e9n \u00e9l\u0151k k\u00f6z\u00fcl azokat, akik \u00e9let\u00fck egy pontj\u00e1n \u00fagy \u00e9rzik, kev\u00e9s a bar\u00e1ti t\u00e1mogat\u00e1s, az eddig megszokott, j\u00f3l bev\u00e1lt megold\u00e1sm\u00f3djuk \u00e9lethelyzet\u00fck meg\u00e9rt\u00e9s\u00e9ben, megold\u00e1s\u00e1ban. Akiknek sz\u00fcks\u00e9g\u00fck van arra, hogy mell\u00e9j\u00fck \u00e1lljon valaki, aki igyekszik meg\u00e9rteni \u0151ket, nem \u00edt\u00e9lkezik felett\u00fck, hanem elfogadja \u00e9rz\u00e9seiket, gondolataikat, meg\u00e9l\u00e9seiket, s seg\u00edt megtal\u00e1lni a saj\u00e1t \u00fatjukat, &hellip; <\/p>\n","protected":false},"author":1,"featured_media":0,"parent":0,"menu_order":0,"comment_status":"closed","ping_status":"closed","template":"","meta":{"footnotes":""},"class_list":["post-176","page","type-page","status-publish","hentry"],"_links":{"self":[{"href":"https:\/\/dressz.hu\/index.php\/wp-json\/wp\/v2\/pages\/176","targetHints":{"allow":["GET"]}}],"collection":[{"href":"https:\/\/dressz.hu\/index.php\/wp-json\/wp\/v2\/pages"}],"about":[{"href":"https:\/\/dressz.hu\/index.php\/wp-json\/wp\/v2\/types\/page"}],"author":[{"embeddable":true,"href":"https:\/\/dressz.hu\/index.php\/wp-json\/wp\/v2\/users\/1"}],"replies":[{"embeddable":true,"href":"https:\/\/dressz.hu\/index.php\/wp-json\/wp\/v2\/comments?post=176"}],"version-history":[{"count":4,"href":"https:\/\/dressz.hu\/index.php\/wp-json\/wp\/v2\/pages\/176\/revisions"}],"predecessor-version":[{"id":433,"href":"https:\/\/dressz.hu\/index.php\/wp-json\/wp\/v2\/pages\/176\/revisions\/433"}],"wp:attachment":[{"href":"https:\/\/dressz.hu\/index.php\/wp-json\/wp\/v2\/media?parent=176"}],"curies":[{"name":"wp","href":"https:\/\/api.w.org\/{rel}","templated":true}]}}